{"version":"1.0","provider_name":"Groupe Auditorium Artistique","provider_url":"https:\/\/www.audi-art.fr\/fr\/","author_name":"Admin","author_url":"https:\/\/www.audi-art.fr\/fr\/author\/benoit\/","title":"LA BREA saison 2 - Groupe Auditorium Artistique","type":"rich","width":600,"height":338,"html":"<blockquote class=\"wp-embedded-content\" data-secret=\"KAMOykook2\"><a href=\"https:\/\/www.audi-art.fr\/fr\/la-brea-saison-2\/\">LA BREA saison 2<\/a><\/blockquote><iframe sandbox=\"allow-scripts\" security=\"restricted\" src=\"https:\/\/www.audi-art.fr\/fr\/la-brea-saison-2\/embed\/#?secret=KAMOykook2\" width=\"600\" height=\"338\" title=\"\u00ab\u00a0LA BREA saison 2\u00a0\u00bb &#8212; Groupe Auditorium Artistique\" data-secret=\"KAMOykook2\" frameborder=\"0\" marginwidth=\"0\" marginheight=\"0\" scrolling=\"no\" class=\"wp-embedded-content\"><\/iframe><script type=\"text\/javascript\">\n\/* <![CDATA[ *\/\n\/*! This file is auto-generated *\/\n!function(d,l){\"use strict\";l.querySelector&&d.addEventListener&&\"undefined\"!=typeof URL&&(d.wp=d.wp||{},d.wp.receiveEmbedMessage||(d.wp.receiveEmbedMessage=function(e){var t=e.data;if((t||t.secret||t.message||t.value)&&!\/[^a-zA-Z0-9]\/.test(t.secret)){for(var s,r,n,a=l.querySelectorAll('iframe[data-secret=\"'+t.secret+'\"]'),o=l.querySelectorAll('blockquote[data-secret=\"'+t.secret+'\"]'),c=new RegExp(\"^https?:$\",\"i\"),i=0;i<o.length;i++)o[i].style.display=\"none\";for(i=0;i<a.length;i++)s=a[i],e.source===s.contentWindow&&(s.removeAttribute(\"style\"),\"height\"===t.message?(1e3<(r=parseInt(t.value,10))?r=1e3:~~r<200&&(r=200),s.height=r):\"link\"===t.message&&(r=new URL(s.getAttribute(\"src\")),n=new URL(t.value),c.test(n.protocol))&&n.host===r.host&&l.activeElement===s&&(d.top.location.href=t.value))}},d.addEventListener(\"message\",d.wp.receiveEmbedMessage,!1),l.addEventListener(\"DOMContentLoaded\",function(){for(var e,t,s=l.querySelectorAll(\"iframe.wp-embedded-content\"),r=0;r<s.length;r++)(t=(e=s[r]).getAttribute(\"data-secret\"))||(t=Math.random().toString(36).substring(2,12),e.src+=\"#?secret=\"+t,e.setAttribute(\"data-secret\",t)),e.contentWindow.postMessage({message:\"ready\",secret:t},\"*\")},!1)))}(window,document);\n\/\/# sourceURL=https:\/\/www.audi-art.fr\/wp-includes\/js\/wp-embed.min.js\n\/* ]]> *\/\n<\/script>\n","thumbnail_url":"https:\/\/www.audi-art.fr\/wp-content\/uploads\/2023\/04\/b30491310e40aebf1c38d7ebd891284c.webp","thumbnail_width":1280,"thumbnail_height":720,"description":"L'aventure continue dans cette deuxi\u00e8me saison de LA BREA. Une aventure \u00e9pique et temporelle commenc\u00e9e lorsqu'un \u00e9norme gouffre s'est ouvert \u00e0 Los Angeles, plongeant les gens dans un myst\u00e9rieux pays primitif o\u00f9 ils doivent s'unir pour survivre.Cette saison, la famille Harris - Gavin (Eoin Macken) et Eve (Natalie Zea) et leurs enfants Izzy (Zyra Gorecki) et Josh (Jack Martin) - se retrouve toujours s\u00e9par\u00e9e dans des mondes parall\u00e8les. En 10 000 avant J\u00e9sus-Christ, Eve est d\u00e9termin\u00e9e \u00e0 trouver un moyen de retrouver Josh, qui a accidentellement travers\u00e9 un portail vers l'ann\u00e9e 1988. Mais \u00e0 l'insu d'Eve, Gavin et Izzy sont pass\u00e9s du monde moderne \u00e0 la pr\u00e9histoire de Seattle et se lancent maintenant dans un dangereux voyage vers Los Angeles afin de r\u00e9unir leur famille... LA BREAsaison 2 \/ 14 \u00e9pisodesAvec : Natalie Zea (Eve), Eoin Macken (Gavin)Jon Seda (Sam), Nicholas Gonzalez (Levi)...D\u00c8S LE 24 OCTOBRE SUR TF1 ET MYTF1"}